{"id":22,"date":"2026-08-02T17:41:26","date_gmt":"2026-08-02T17:41:26","guid":{"rendered":"https:\/\/fonetica.es\/?page_id=22"},"modified":"2026-08-10T10:18:03","modified_gmt":"2026-08-10T10:18:03","slug":"reserva-tu-clase","status":"publish","type":"page","link":"https:\/\/fonetica.es\/","title":{"rendered":"Fon\u00e9tica ELE"},"content":{"rendered":"\n<h2 class=\"wp-block-heading\"><strong>Reserva tu clase de fon\u00e9tica en espa\u00f1ol<\/strong><\/h2>\n\n\n\n<h3 class=\"wp-block-heading\"><strong>\u00bfQu\u00e9 incluye la clase?<\/strong><\/h3>\n\n\n\n<ul class=\"wp-block-list\">\n<li>Correcci\u00f3n personalizada de tu pronunciaci\u00f3n<\/li>\n\n\n\n<li>Ejercicios pr\u00e1cticos adaptados a ti desde el primer minuto.<\/li>\n\n\n\n<li>Material descargable<\/li>\n\n\n\n<li>Seguimiento y recomendaciones<\/li>\n<\/ul>\n\n\n\n<p class=\"wp-block-paragraph\">Elige d\u00eda y hora, introduce tus datos y confirma tu reserva. Posteriormente te contactar\u00e9 para confirmar la cita y facilitarte los datos de pago. Una vez realizado el pago la cita quedar\u00e1 confirmada.<\/p>\n\n\n\n<p class=\"wp-block-paragraph\">Tu transformaci\u00f3n vocal empieza aqu\u00ed.<\/p>\n\n\n\n\n<script>\n  if (typeof hasAmeliaEntitiesApiCall === 'undefined' && ('' === '' && '' === '' && '' !== '1')) {\n    var hasAmeliaEntitiesApiCall = true;\n  }\n  var ameliaShortcodeData = (typeof ameliaShortcodeData === 'undefined') ? [] : ameliaShortcodeData;\n  ameliaShortcodeData.push(\n    {\n      'hasApiCall': (typeof hasAmeliaEntitiesApiCall !== 'undefined') && hasAmeliaEntitiesApiCall,\n      'trigger': '',\n      'trigger_type': '',\n      'triggered_form': 'sbsNew',\n      'in_dialog': '',\n      'show': '',\n      'counter': '1000',\n      'category': '',\n      'service': '',\n      'employee': '',\n      'location': '',\n      'package': '',\n      'layout': '',\n      'ivy': '',\n    }\n  );\n\n  var ameliaShortcodeDataTriggered = (typeof ameliaShortcodeDataTriggered === 'undefined') ? [] : ameliaShortcodeDataTriggered;\n  if (ameliaShortcodeData[ameliaShortcodeData.length - 1].trigger !== '' || ameliaShortcodeData[ameliaShortcodeData.length - 1].ivy !== '') {\n    if (ameliaShortcodeDataTriggered.filter(a => a.counter === ameliaShortcodeData[ameliaShortcodeData.length - 1].counter).length === 0) {\n      ameliaShortcodeDataTriggered.push(ameliaShortcodeData.pop());\n    } else {\n      ameliaShortcodeData.pop()\n    }\n  }\n  if (typeof hasAmeliaEntitiesApiCall !== 'undefined' && hasAmeliaEntitiesApiCall) {\n    hasAmeliaEntitiesApiCall = false;\n  }\n<\/script>\n\n<div\n  id=\"amelia-v2-booking-1000\"\n  class=\"amelia-v2-booking\"\n >\n    <step-form-wrapper><\/step-form-wrapper><\/div>\n\n\n\n\n<p class=\"wp-block-paragraph\"><\/p>\n","protected":false},"excerpt":{"rendered":"<p>Reserva tu clase de fon\u00e9tica en espa\u00f1ol \u00bfQu\u00e9 incluye la clase? Elige d\u00eda y hora, introduce tus datos y confirma tu reserva. Posteriormente te contactar\u00e9 para confirmar la cita y facilitarte los datos de pago. Una vez realizado el pago la cita quedar\u00e1 confirmada. Tu transformaci\u00f3n vocal empieza aqu\u00ed.<\/p>\n","protected":false},"author":1,"featured_media":0,"parent":0,"menu_order":0,"comment_status":"closed","ping_status":"closed","template":"","meta":{"_kad_post_transparent":"","_kad_post_title":"","_kad_post_layout":"","_kad_post_sidebar_id":"","_kad_post_content_style":"","_kad_post_vertical_padding":"","_kad_post_feature":"","_kad_post_feature_position":"","_kad_post_header":false,"_kad_post_footer":false,"_kad_post_classname":"","footnotes":""},"class_list":["post-22","page","type-page","status-publish","hentry"],"_links":{"self":[{"href":"https:\/\/fonetica.es\/index.php?rest_route=\/wp\/v2\/pages\/22","targetHints":{"allow":["GET"]}}],"collection":[{"href":"https:\/\/fonetica.es\/index.php?rest_route=\/wp\/v2\/pages"}],"about":[{"href":"https:\/\/fonetica.es\/index.php?rest_route=\/wp\/v2\/types\/page"}],"author":[{"embeddable":true,"href":"https:\/\/fonetica.es\/index.php?rest_route=\/wp\/v2\/users\/1"}],"replies":[{"embeddable":true,"href":"https:\/\/fonetica.es\/index.php?rest_route=%2Fwp%2Fv2%2Fcomments&post=22"}],"version-history":[{"count":11,"href":"https:\/\/fonetica.es\/index.php?rest_route=\/wp\/v2\/pages\/22\/revisions"}],"predecessor-version":[{"id":51,"href":"https:\/\/fonetica.es\/index.php?rest_route=\/wp\/v2\/pages\/22\/revisions\/51"}],"wp:attachment":[{"href":"https:\/\/fonetica.es\/index.php?rest_route=%2Fwp%2Fv2%2Fmedia&parent=22"}],"curies":[{"name":"wp","href":"https:\/\/api.w.org\/{rel}","templated":true}]}}